{"id":1993,"date":"2018-01-17T15:47:51","date_gmt":"2018-01-17T15:47:51","guid":{"rendered":"http:\/\/www.alamis-onlus.com\/?page_id=1993"},"modified":"2018-03-10T15:39:15","modified_gmt":"2018-03-10T15:39:15","slug":"chi-siamo-3","status":"publish","type":"page","link":"https:\/\/www.alamis-odv.com\/pt-br\/chi-siamo-3\/","title":{"rendered":"Quem Somos"},"content":{"rendered":"<p>[vc_row 0=&#8221;&#8221;][vc_column offset=&#8221;vc_col-lg-offset-2 vc_col-lg-8 vc_col-md-offset-1 vc_col-md-10&#8243;][vc_column_text css_animation=&#8221;fadeIn&#8221;]<\/p>\n<h2 style=\"text-align: center;\">&#8220;Sustentar uma crian\u00e7a \u00e0 dist\u00e2ncia \u00e9 criar uma ponte de solidariedade entre n\u00f3s e os pequenos do mundo que sofrem&#8221;.<\/h2>\n<p>[\/vc_column_text][\/vc_column][\/vc_row][vc_row css=&#8221;.vc_custom_1498442365863{padding-top: 34px !important;}&#8221;][vc_column css_animation=&#8221;fadeInLeft&#8221; offset=&#8221;vc_col-lg-6 vc_col-md-6&#8243; css=&#8221;.vc_custom_1498442880864{margin-top: -39px !important;margin-bottom: 35px !important;}&#8221;][vc_column_text css_animation=&#8221;none&#8221; css=&#8221;.vc_custom_1516208246045{margin-bottom: 20px !important;}&#8221;]<\/p>\n<h2><span style=\"font-weight: 400;\">Quem Somos<\/span>?<\/h2>\n<p>[\/vc_column_text][vc_column_text 0=&#8221;&#8221;]<\/p>\n<div id=\"crumbs\" itemtype=\"http:\/\/schema.org\/WebPage\" itemscope=\"\">\n<p><strong>No documento do XXVI Cap\u00edtulo Geral das FSCJ, do ano 2002, se l\u00ea:<\/strong><br \/>\n&#8220;Promover um relacionamento de colabora\u00e7\u00e3o m\u00fatua com os leigos em nossa miss\u00e3o e desenvolver caminhos de conhecimento e participa\u00e7\u00e3o em nosso carisma, segundo a sua voca\u00e7\u00e3o leiga, para que possam compartilhar conosco a riqueza espiritual e a for\u00e7a mission\u00e1ria do carisma em vista da transforma\u00e7\u00e3o da mundo segundo o Cora\u00e7\u00e3o de Deus&#8221;.<\/p>\n<p>Alamis Onlus (Organiza\u00e7\u00e3o sem fins lucrativos) \u00e9 uma Associa\u00e7\u00e3o volunt\u00e1ria sem fins lucrativos, regida por um Estatuto. A Associa\u00e7\u00e3o tem como objetivo buscar metas de solidariedade social, civil e cultural identificadas com o principal objetivo da caridade perfeita e ser um sinal do amor salv\u00edfico de Cristo, segundo o carisma e a espiritualidade de Santa Teresa Verzeri. \u201cAmigos leigos associem-se pelas Miss\u00f5es\u201d. (Santa Teresa Verzeri)<\/p>\n<p>Sede: com o Instituto Filhas do Sagrado Cora\u00e7\u00e3o de Jesus<br \/>\nVia Casilina, 1113, 00169-Roma<br \/>\nTel. +39 06 260328<br \/>\nTel. +39 06 2677939<br \/>\nCel. 3339496920<\/p>\n<p>Alamis<br \/>\nPara informac\u00f5es:<br \/>\nsegreteria.alamis@gmail.com<br \/>\nVice presidente: Ir. Beatrice Dal Santo<br \/>\nbeatricedal@virgilio.it<\/p>\n<\/div>\n<article class=\"post-listing post post-6 page type-page status-publish has-post-thumbnail hentry\">\n<div class=\"post-inner\">\n<div class=\"entry\"><\/div>\n<\/div>\n<\/article>\n<p>[\/vc_column_text][\/vc_column][vc_column css_animation=&#8221;fadeInRight&#8221; offset=&#8221;vc_col-lg-6 vc_col-md-6&#8243;][vc_images_carousel images=&#8221;1052,1055,1056,1057,1058&#8243; img_size=&#8221;555&#215;420&#8243; onclick=&#8221;link_no&#8221; autoplay=&#8221;yes&#8221; wrap=&#8221;yes&#8221; css_animation=&#8221;none&#8221;][\/vc_column][\/vc_row]<\/p>\n","protected":false},"excerpt":{"rendered":"<p>[vc_row 0=&#8221;&#8221;][vc_column offset=&#8221;vc_col-lg-offset-2 vc_col-lg-8 vc_col-md-offset-1 vc_col-md-10&#8243;][vc_column_text css_animation=&#8221;fadeIn&#8221;] &#8220;Sustentar uma crian\u00e7a \u00e0 dist\u00e2ncia \u00e9 criar uma ponte de solidariedade entre n\u00f3s e os pequenos do mundo que sofrem&#8221;. [\/vc_column_text][\/vc_column][\/vc_row][vc_row css=&#8221;.vc_custom_1498442365863{padding-top: 34px !important;}&#8221;][vc_column css_animation=&#8221;fadeInLeft&#8221; offset=&#8221;vc_col-lg-6 vc_col-md-6&#8243; css=&#8221;.vc_custom_1498442880864{margin-top: -39px !important;margin-bottom: 35px !important;}&#8221;][vc_column_text css_animation=&#8221;none&#8221; css=&#8221;.vc_custom_1516208246045{margin-bottom: 20px !important;}&#8221;] Quem Somos? [\/vc_column_text][vc_column_text 0=&#8221;&#8221;] No documento do XXVI Cap\u00edtulo Geral das FSCJ, [&hellip;]<\/p>\n","protected":false},"author":2,"featured_media":0,"parent":0,"menu_order":1,"comment_status":"closed","ping_status":"closed","template":"","meta":{"_monsterinsights_skip_tracking":false,"_monsterinsights_sitenote_active":false,"_monsterinsights_sitenote_note":"","_monsterinsights_sitenote_category":0,"footnotes":""},"_links":{"self":[{"href":"https:\/\/www.alamis-odv.com\/pt-br\/wp-json\/wp\/v2\/pages\/1993"}],"collection":[{"href":"https:\/\/www.alamis-odv.com\/pt-br\/wp-json\/wp\/v2\/pages"}],"about":[{"href":"https:\/\/www.alamis-odv.com\/pt-br\/wp-json\/wp\/v2\/types\/page"}],"author":[{"embeddable":true,"href":"https:\/\/www.alamis-odv.com\/pt-br\/wp-json\/wp\/v2\/users\/2"}],"replies":[{"embeddable":true,"href":"https:\/\/www.alamis-odv.com\/pt-br\/wp-json\/wp\/v2\/comments?post=1993"}],"version-history":[{"count":6,"href":"https:\/\/www.alamis-odv.com\/pt-br\/wp-json\/wp\/v2\/pages\/1993\/revisions"}],"predecessor-version":[{"id":2078,"href":"https:\/\/www.alamis-odv.com\/pt-br\/wp-json\/wp\/v2\/pages\/1993\/revisions\/2078"}],"wp:attachment":[{"href":"https:\/\/www.alamis-odv.com\/pt-br\/wp-json\/wp\/v2\/media?parent=1993"}],"curies":[{"name":"wp","href":"https:\/\/api.w.org\/{rel}","templated":true}]}}