{"id":1836,"date":"2018-01-16T09:27:02","date_gmt":"2018-01-16T09:27:02","guid":{"rendered":"http:\/\/www.alamis-onlus.com\/?page_id=1836"},"modified":"2018-03-06T14:52:52","modified_gmt":"2018-03-06T14:52:52","slug":"la-storia","status":"publish","type":"page","link":"https:\/\/www.alamis-odv.com\/fr\/chi-siamo-2\/la-storia\/","title":{"rendered":"L&rsquo;histoire"},"content":{"rendered":"<p>[vc_row 0=\u00a0\u00bb\u00a0\u00bb][vc_column offset=\u00a0\u00bbvc_col-lg-offset-2 vc_col-lg-8 vc_col-md-offset-1 vc_col-md-10&Prime;][vc_column_text css_animation=\u00a0\u00bbfadeIn\u00a0\u00bb]<\/p>\n<h2 style=\"text-align: center;\">\u00ab\u00a0Alamis, un projet de solidarit\u00e9\u00a0\u00bb<\/h2>\n<p>[\/vc_column_text][\/vc_column][\/vc_row][vc_row css=\u00a0\u00bb.vc_custom_1498442365863{padding-top: 34px !important;}\u00a0\u00bb][vc_column css_animation=\u00a0\u00bbfadeInLeft\u00a0\u00bb offset=\u00a0\u00bbvc_col-lg-6 vc_col-md-6&Prime; css=\u00a0\u00bb.vc_custom_1498442880864{margin-top: -39px !important;margin-bottom: 35px !important;}\u00a0\u00bb][vc_column_text css_animation=\u00a0\u00bbnone\u00a0\u00bb css=\u00a0\u00bb.vc_custom_1516462211586{margin-bottom: 20px !important;}\u00a0\u00bb]<\/p>\n<h2>L&rsquo;histoire<\/h2>\n<p>[\/vc_column_text][vc_column_text 0=\u00a0\u00bb\u00a0\u00bb]<\/p>\n<article class=\"post-listing post post-6 page type-page status-publish has-post-thumbnail hentry\">\n<div class=\"post-inner\">\n<div class=\"entry\">\n<p><span><\/span><span><strong><em><\/em><em><\/em><\/strong><\/span><span><\/span><\/p>\n<p>L&rsquo;histoire<\/p>\n<p>Alamis &#8211; Amis la\u00efcs associ\u00e9s pour la mission, sans doute une invention pr\u00e9cieuse, dans l&rsquo;histoire de la\u00a0 congr\u00e9gation des Filles du Sacr\u00e9-C\u0153ur de J\u00e9sus; pr\u00e9cis\u00e9ment en cette ann\u00e9e de gr\u00e2ce du Seigneur 2001.<\/p>\n<p>Nous avons dit\u00a0 dans l&rsquo;ann\u00e9e de gr\u00e2ce, et certainement juste parce qu&rsquo;elle est n\u00e9e presque comme un don de Sainte Th\u00e9r\u00e8se Verzeri, qui en<br \/>\ncette ann\u00e9e a \u00e9t\u00e9 canonis\u00e9e aux honneurs des autels pour la<br \/>\n\u00c9glise universelle et pour le monde, par le Souverain Pontife, Saint-Jean<br \/>\nPaul II. A la demande si nous voulions faire partie du nouvel<br \/>\norganisme, nous ne pouvions pas ne pas y adh\u00e9rer en sachant que cette<br \/>\nassociation est n\u00e9e pour donner forme et pertinence au r\u00eave que sainte Th\u00e9r\u00e8se<br \/>\nVerzeri avait de son importance parmi les caract\u00e9ristiques fondatrices<br \/>\ndes la\u00efcs, dans la mission des Filles du Sacr\u00e9 Coeur de J\u00e9sus.<br \/>\n\u00c0 cet \u00e9gard, la Sainte a \u00e9crit \u00ab\u00a0&#8230; les la\u00efcs sont cette main longue qui arrive l\u00e0 o\u00f9 les filles ne peuvent pas arriver \u00a0\u00bb En v\u00e9rit\u00e9, nous ressentons \u00ab\u00a0l&rsquo;Alamis\u00a0\u00bb comme un instrument l\u00e9gal, clair dans ses buts, mais plus encore sujet capable de donner visage et voix aux nombreux amis qui au fil du temps et dans diff\u00e9rents lieux ont collabor\u00e9 et collaborent pour l&rsquo;expansion missionnaire des filles du Sacr\u00e9-C\u0153ur de J\u00e9sus. Notre groupe, en fait, d\u00e9passe dans le temps, l&rsquo;acte constitutif de l&rsquo;association, parce qu\u2019il sent qu&rsquo;il a des racines profondes et lointaines qui ont marqu\u00e9 nos vies pour les valeurs re\u00e7ues \u00e0 travers le travail \u00e9ducatif des Filles de Santa Teresa Verzeri. C&rsquo;est d&rsquo;elles que nous avons<br \/>\nappris la seigneurie du don de la vie, la beaut\u00e9 d&rsquo;\u00eatre des missionnaires toujours et partout, dans la famille et dans la soci\u00e9t\u00e9, de \u00ab\u00a0gaspiller\u00a0\u00bb une partie de notre temps pour nous faire don aux proches et au lointain sans pr\u00e9jug\u00e9s et exclusions. Nous ne faisons pas des choses \u00e9tonnantes, mais des choses simples, de petits gestes comme un sourire, aider les \u00e9tudiants en difficult\u00e9, concevoir l&rsquo;aide \u00e0 travers les petits march\u00e9s pour soutenir et encourager nos s\u0153urs missionnaires qui sont dans le monde, qui avec peu de moyens, combattent la bataille de la charit\u00e9 pour beaucoup de fr\u00e8res et s\u0153urs moins<br \/>\nde possibilit\u00e9. Mais certainement pas moins important que n\u00f4tre faire et notre \u00eatre ensemble, c\u2019est cet HUMUS spirituel que nous essayons de cultiver, pour mieux partager les attentes, les esp\u00e9rances, et pourquoi pas, m\u00eame de petites d\u00e9ceptions. En bref, nous vivons l&rsquo;exp\u00e9rience que travailler ensemble multiplie le courage, on acquiert la s\u00e9r\u00e9nit\u00e9 et la fatigue diminue. Bient\u00f4t cette premi\u00e8re exp\u00e9rience de Milano a grandi et est devenue quelque chose de plus grand.<br \/>\nToujours selon l&rsquo;esprit exprim\u00e9 par les membres de Milano, l&rsquo;Alamis s\u2019est<br \/>\n\u00e9largie et est devenue une ASSOCIATION ONLUS r\u00e9glement\u00e9e par un Statut.<\/p>\n<\/div>\n<\/div>\n<\/article>\n<p>[\/vc_column_text][\/vc_column][vc_column css_animation=\u00a0\u00bbfadeInRight\u00a0\u00bb offset=\u00a0\u00bbvc_col-lg-6 vc_col-md-6&Prime;][vc_images_carousel images=\u00a0\u00bb1586,1588&Prime; img_size=\u00a0\u00bb555&#215;420&Prime; onclick=\u00a0\u00bblink_no\u00a0\u00bb autoplay=\u00a0\u00bbyes\u00a0\u00bb wrap=\u00a0\u00bbyes\u00a0\u00bb css_animation=\u00a0\u00bbnone\u00a0\u00bb][\/vc_column][\/vc_row][vc_row][vc_column][vc_column_text]L&rsquo;Association a \u00e9t\u00e9 fortement souhait\u00e9e par Sr. Flavia Coppe et a \u00e9t\u00e9 cr\u00e9\u00e9e le 21 mai 2002.<br \/>\nUn associ\u00e9, comme cela est arriv\u00e9 \u00e0 beaucoup d&rsquo;autres, dit ainsi son appel<br \/>\n\u00abUn soir, j&rsquo;ai re\u00e7u un coup de t\u00e9l\u00e9phone &#8211; Soeur Beatrice vous demande de faire du b\u00e9n\u00e9volat &#8211; Je connaissais tr\u00e8s bien la fa\u00e7on dont la religieuse pouvait la convaincre de faire ce qu&rsquo;elle voulait et j&rsquo;ai ri.<br \/>\nCependant, je me suis port\u00e9 volontaire et j&rsquo;ai particip\u00e9 \u00e0 la premi\u00e8re r\u00e9union \u00e0 la maison g\u00e9n\u00e9rale \u00e0 via Casilina \u00e0 Rome o\u00f9 j&rsquo;ai rencontr\u00e9 une nouvelle r\u00e9alit\u00e9.<br \/>\nEn r\u00e9trospective, apr\u00e8s plusieurs ann\u00e9es, je suis convaincu que c&rsquo;\u00e9tait un appel, un appel \u00e0 ceux qui, comme moi, vivent dans le confort et l&rsquo;incongruit\u00e9 des mod\u00e8les de vie occidentaux, o\u00f9 le bien-\u00eatre mat\u00e9riel \u00e0 tout prix vous rend \u00e9go\u00efste et m\u00eame La solidarit\u00e9 chr\u00e9tienne se limite \u00e0 l&rsquo;aum\u00f4ne apr\u00e8s la messe du dimanche.<br \/>\nUne fois entr\u00e9 dans le groupe, j&rsquo;ai pris conscience d&rsquo;une r\u00e9alit\u00e9 inconnue, de la vraie pauvret\u00e9 de ceux qui n&rsquo;ont rien d&rsquo;autre que leur propre vie, de l&rsquo;h\u00e9ro\u00efsme des Filles du Sacr\u00e9-C\u0153ur qui prot\u00e8gent ces vies.<br \/>\nNous d&rsquo;ici, de notre monde confortable et tout \u00e0 fait tranquille, les aidons \u00e0 aider. Nos activit\u00e9s se multiplient: march\u00e9s solidaires, concerts dans les \u00e9glises historiques de Rome, d\u00eeners de bienfaisance, f\u00eates, r\u00e9unions, semaines de mission organis\u00e9es par les paroisses voisines, pour soutenir des missions dans des endroits lointains, o\u00f9 des religieuses courageuses s&rsquo;efforcent de soutenir les plus pauvres de la terre, \u00e9duquer les familles \u00e0 \u00e9duquer, d\u00e9couvrir la dignit\u00e9 des enfants de Dieu &#8230; \u00a0\u00bb<br \/>\nLa premi\u00e8re direction a suivi les autres.<br \/>\nLe 21 mars 2015, le pr\u00e9sident dott. Ettore Pompili, ainsi que le Conseil d&rsquo;administration, en consid\u00e9ration du travail accompli avec abn\u00e9gation et sacrifice par Soeur Flavia Coppe depuis la constitution de l&rsquo;Alamis Onlus, fortement d\u00e9sir\u00e9e par elle, a propos\u00e9 de lui reconna\u00eetre un r\u00f4le plus repr\u00e9sentatif et le m\u00eame jour l&rsquo;assembl\u00e9e des membres, il a \u00e9lu pr\u00e9sident honoraire[\/vc_column_text][\/vc_column][\/vc_row][vc_row][vc_column][vc_column_text][\/vc_column_text][\/vc_column][\/vc_row]<\/p>\n","protected":false},"excerpt":{"rendered":"<p>[vc_row 0=\u00a0\u00bb\u00a0\u00bb][vc_column offset=\u00a0\u00bbvc_col-lg-offset-2 vc_col-lg-8 vc_col-md-offset-1 vc_col-md-10&Prime;][vc_column_text css_animation=\u00a0\u00bbfadeIn\u00a0\u00bb] \u00ab\u00a0Alamis, un projet de solidarit\u00e9\u00a0\u00bb [\/vc_column_text][\/vc_column][\/vc_row][vc_row css=\u00a0\u00bb.vc_custom_1498442365863{padding-top: 34px !important;}\u00a0\u00bb][vc_column css_animation=\u00a0\u00bbfadeInLeft\u00a0\u00bb offset=\u00a0\u00bbvc_col-lg-6 vc_col-md-6&Prime; css=\u00a0\u00bb.vc_custom_1498442880864{margin-top: -39px !important;margin-bottom: 35px !important;}\u00a0\u00bb][vc_column_text css_animation=\u00a0\u00bbnone\u00a0\u00bb css=\u00a0\u00bb.vc_custom_1516462211586{margin-bottom: 20px !important;}\u00a0\u00bb] L&rsquo;histoire [\/vc_column_text][vc_column_text 0=\u00a0\u00bb\u00a0\u00bb] L&rsquo;histoire Alamis &#8211; Amis la\u00efcs associ\u00e9s pour la mission, sans doute une invention pr\u00e9cieuse, dans l&rsquo;histoire de la\u00a0 congr\u00e9gation des Filles du Sacr\u00e9-C\u0153ur de [&hellip;]<\/p>\n","protected":false},"author":2,"featured_media":0,"parent":1754,"menu_order":1,"comment_status":"closed","ping_status":"closed","template":"","meta":{"_monsterinsights_skip_tracking":false,"_monsterinsights_sitenote_active":false,"_monsterinsights_sitenote_note":"","_monsterinsights_sitenote_category":0,"footnotes":""},"_links":{"self":[{"href":"https:\/\/www.alamis-odv.com\/fr\/wp-json\/wp\/v2\/pages\/1836"}],"collection":[{"href":"https:\/\/www.alamis-odv.com\/fr\/wp-json\/wp\/v2\/pages"}],"about":[{"href":"https:\/\/www.alamis-odv.com\/fr\/wp-json\/wp\/v2\/types\/page"}],"author":[{"embeddable":true,"href":"https:\/\/www.alamis-odv.com\/fr\/wp-json\/wp\/v2\/users\/2"}],"replies":[{"embeddable":true,"href":"https:\/\/www.alamis-odv.com\/fr\/wp-json\/wp\/v2\/comments?post=1836"}],"version-history":[{"count":6,"href":"https:\/\/www.alamis-odv.com\/fr\/wp-json\/wp\/v2\/pages\/1836\/revisions"}],"predecessor-version":[{"id":3027,"href":"https:\/\/www.alamis-odv.com\/fr\/wp-json\/wp\/v2\/pages\/1836\/revisions\/3027"}],"up":[{"embeddable":true,"href":"https:\/\/www.alamis-odv.com\/fr\/wp-json\/wp\/v2\/pages\/1754"}],"wp:attachment":[{"href":"https:\/\/www.alamis-odv.com\/fr\/wp-json\/wp\/v2\/media?parent=1836"}],"curies":[{"name":"wp","href":"https:\/\/api.w.org\/{rel}","templated":true}]}}